{"id":4338,"date":"2021-01-21T12:20:14","date_gmt":"2021-01-21T11:20:14","guid":{"rendered":"https:\/\/telegram.vestina.eu\/stihovi-sucuti\/"},"modified":"2023-09-26T13:24:38","modified_gmt":"2023-09-26T11:24:38","slug":"stihovi-sucuti","status":"publish","type":"page","link":"https:\/\/telegram.vestina.eu\/hr\/stihovi-sucuti\/","title":{"rendered":"Stihovi su\u0107uti"},"content":{"rendered":"<p>[et_pb_section fb_built=&#8221;1&#8243; _builder_version=&#8221;4.16&#8243; _module_preset=&#8221;default&#8221; background_color=&#8221;rgba(0,0,0,0)&#8221; use_background_color_gradient=&#8221;on&#8221; background_color_gradient_stops=&#8221;rgba(104,186,179,0.33) 0%|rgba(104,186,179,0.33) 100%&#8221; background_color_gradient_start=&#8221;rgba(104,186,179,0.33)&#8221; background_color_gradient_end=&#8221;rgba(104,186,179,0.33)&#8221; background_image=&#8221;https:\/\/telegram.vestina.eu\/wp-content\/uploads\/2021\/01\/Artboard-1-.jpg&#8221; parallax=&#8221;on&#8221; custom_margin=&#8221;||19px|||&#8221; custom_padding=&#8221;107px||0px|||&#8221; global_colors_info=&#8221;{}&#8221;][et_pb_row _builder_version=&#8221;4.16&#8243; _module_preset=&#8221;default&#8221; global_colors_info=&#8221;{}&#8221;][et_pb_column type=&#8221;4_4&#8243; _builder_version=&#8221;4.16&#8243; _module_preset=&#8221;default&#8221; global_colors_info=&#8221;{}&#8221;][et_pb_text _builder_version=&#8221;4.16&#8243; text_font=&#8221;Cormorant Garamond||||||||&#8221; text_text_color=&#8221;#424a4f&#8221; text_font_size=&#8221;20px&#8221; text_line_height=&#8221;1.8em&#8221; link_font=&#8221;||||||||&#8221; link_text_color=&#8221;#424a4f&#8221; ul_font=&#8221;||||||||&#8221; header_font=&#8221;||||||||&#8221; header_text_color=&#8221;#FFFFFF&#8221; header_2_font=&#8221;||||||||&#8221; header_3_font=&#8221;Montserrat||||||||&#8221; header_3_text_color=&#8221;#FFFFFF&#8221; header_3_font_size=&#8221;45px&#8221; header_3_line_height=&#8221;1.5em&#8221; header_4_font=&#8221;||||||||&#8221; header_5_font=&#8221;Poppins|700||on|||||&#8221; header_5_text_color=&#8221;#FFFFFF&#8221; header_5_letter_spacing=&#8221;15px&#8221; header_5_line_height=&#8221;1.8em&#8221; text_orientation=&#8221;center&#8221; background_layout=&#8221;dark&#8221; width=&#8221;100%&#8221; max_width_tablet=&#8221;100%&#8221; max_width_phone=&#8221;100%&#8221; max_width_last_edited=&#8221;off|desktop&#8221; module_alignment=&#8221;right&#8221; custom_margin=&#8221;-61px|||||&#8221; header_3_font_size_tablet=&#8221;&#8221; header_3_font_size_phone=&#8221;34px&#8221; header_3_font_size_last_edited=&#8221;on|phone&#8221; locked=&#8221;off&#8221; global_colors_info=&#8221;{}&#8221;]<\/p>\n<h1>Samilosne rije\u010di i stihovi su\u0107uti<\/h1>\n<p>[\/et_pb_text][\/et_pb_column][\/et_pb_row][\/et_pb_section][et_pb_section fb_built=&#8221;1&#8243; admin_label=&#8221;Gallery&#8221; _builder_version=&#8221;4.16&#8243; custom_margin=&#8221;-19px|||||&#8221; global_colors_info=&#8221;{}&#8221;][et_pb_row column_structure=&#8221;1_3,1_3,1_3&#8243; use_custom_gutter=&#8221;on&#8221; gutter_width=&#8221;2&#8243; module_class=&#8221;mournful-section&#8221; _builder_version=&#8221;4.20.2&#8243; hover_enabled=&#8221;0&#8243; use_custom_width=&#8221;on&#8221; global_colors_info=&#8221;{}&#8221; sticky_enabled=&#8221;0&#8243;][et_pb_column type=&#8221;1_3&#8243; _builder_version=&#8221;4.16&#8243; custom_padding=&#8221;|||&#8221; global_colors_info=&#8221;{}&#8221; custom_padding__hover=&#8221;|||&#8221;][et_pb_testimonial quote_icon=&#8221;off&#8221; _builder_version=&#8221;4.20.2&#8243; _module_preset=&#8221;default&#8221; body_text_color=&#8221;#474747&#8243; body_font_size=&#8221;20px&#8221; body_line_height=&#8221;1.8em&#8221; background_image=&#8221;https:\/\/telegram.vestina.eu\/wp-content\/uploads\/2022\/07\/gray-bg.jpg&#8221; text_orientation=&#8221;center&#8221; height=&#8221;430px&#8221; custom_margin=&#8221;||||false|false&#8221; custom_padding=&#8221;||19px|||&#8221; global_colors_info=&#8221;{}&#8221;]<\/p>\n<p>Dobar, plemenit \u010dovjek,<br \/>koji je s nama \u017eivio ne mo\u017ee nam se oduzeti, jer je ostavio svijetli trag svoje dobrote i plemenitosti u na\u0161im srcima.<\/p>\n<p class=\"p1\">(Thomas Carlyle)<\/p>\n<p>[\/et_pb_testimonial][et_pb_testimonial quote_icon=&#8221;off&#8221; _builder_version=&#8221;4.20.2&#8243; _module_preset=&#8221;default&#8221; body_text_color=&#8221;#FFFFFF&#8221; body_font_size=&#8221;15px&#8221; background_color=&#8221;#44aaa3&#8243; background_enable_image=&#8221;off&#8221; text_orientation=&#8221;center&#8221; background_layout=&#8221;dark&#8221; height=&#8221;250px&#8221; custom_margin=&#8221;||||false|false&#8221; custom_padding=&#8221;||19px|||&#8221; global_colors_info=&#8221;{}&#8221;]<\/p>\n<p class=\"p1\">Kao valovi na pijesku pla\u017ee <br \/>tako na\u0161i trenuci hrle u ni\u0161u;<br \/>val valu za seboj napravi pot <br \/>i svi slijede jedan za drugim.<\/p>\n<p class=\"p1\">(W.Shakespeare)<\/p>\n<p>[\/et_pb_testimonial][et_pb_image src=&#8221;https:\/\/telegram.vestina.eu\/wp-content\/uploads\/2021\/01\/16-01-1.png&#8221; title_text=&#8221;16-01&#8243; align_tablet=&#8221;center&#8221; align_phone=&#8221;&#8221; align_last_edited=&#8221;on|desktop&#8221; _builder_version=&#8221;4.16&#8243; global_colors_info=&#8221;{}&#8221;][\/et_pb_image][et_pb_testimonial quote_icon=&#8221;off&#8221; _builder_version=&#8221;4.20.2&#8243; _module_preset=&#8221;default&#8221; body_text_color=&#8221;#FFFFFF&#8221; body_font_size=&#8221;17px&#8221; body_line_height=&#8221;1.8em&#8221; background_image=&#8221;https:\/\/telegram.vestina.eu\/wp-content\/uploads\/2022\/07\/green-bg.jpg&#8221; text_orientation=&#8221;center&#8221; height=&#8221;430px&#8221; custom_margin=&#8221;||||false|false&#8221; custom_padding=&#8221;||19px|||&#8221; global_colors_info=&#8221;{}&#8221;]<\/p>\n<p>I jo\u0161 uvijek \u017eivim u voljenim osobama i predmetima,<br \/>kao \u0161to su \u017eivjeli sa mnom<br \/>u pro\u0161lim godinama;<br \/>zna\u0161 iako sve poni\u0161tava<br \/>koji nas spu\u0161ta na zemlju<br \/>do srca dubina i do ljubavi<br \/>tvoja snaga ne dose\u017ee.<\/p>\n<p>[\/et_pb_testimonial][et_pb_testimonial quote_icon=&#8221;off&#8221; _builder_version=&#8221;4.20.2&#8243; _module_preset=&#8221;default&#8221; body_text_color=&#8221;#FFFFFF&#8221; body_font_size=&#8221;20px&#8221; background_image=&#8221;https:\/\/telegram.vestina.eu\/wp-content\/uploads\/2022\/07\/dark-green-bg.jpg&#8221; text_orientation=&#8221;center&#8221; height=&#8221;430px&#8221; custom_margin=&#8221;||||false|false&#8221; custom_padding=&#8221;||19px|||&#8221; global_colors_info=&#8221;{}&#8221;]<\/p>\n<p>Samo \u0107u to u\u010diniti<br \/>Samo \u0107u to u\u010diniti<br \/>onda se odmaram<br \/>i smirim.<\/p>\n<p class=\"p1\">(T. Kuntner)<\/p>\n<p>[\/et_pb_testimonial][\/et_pb_column][et_pb_column type=&#8221;1_3&#8243; _builder_version=&#8221;4.16&#8243; custom_padding=&#8221;|||&#8221; global_colors_info=&#8221;{}&#8221; custom_padding__hover=&#8221;|||&#8221;][et_pb_testimonial quote_icon=&#8221;off&#8221; _builder_version=&#8221;4.20.2&#8243; _module_preset=&#8221;default&#8221; body_text_color=&#8221;#FFFFFF&#8221; body_font_size=&#8221;15px&#8221; background_color=&#8221;#115c6d&#8221; background_enable_image=&#8221;off&#8221; text_orientation=&#8221;center&#8221; background_layout=&#8221;dark&#8221; height=&#8221;250px&#8221; custom_margin=&#8221;||||false|false&#8221; custom_padding=&#8221;||19px|||&#8221; global_colors_info=&#8221;{}&#8221;]<\/p>\n<p class=\"p1\">Vidim tvoje lice, \u010dujem tvoj glas.<br \/>Drugi korak mi je poznat kad uzalud pitam&#8230;<br \/>za\u0161to te nema vi\u0161e? Samo sje\u0107anje \u017eivi&#8230;<br \/>Daljina tu ne boli&#8230;<\/p>\n<p>[\/et_pb_testimonial][et_pb_testimonial quote_icon=&#8221;off&#8221; _builder_version=&#8221;4.20.2&#8243; _module_preset=&#8221;default&#8221; body_text_color=&#8221;#FFFFFF&#8221; body_font_size=&#8221;17px&#8221; body_line_height=&#8221;1.8em&#8221; background_image=&#8221;https:\/\/telegram.vestina.eu\/wp-content\/uploads\/2022\/07\/green-bg.jpg&#8221; text_orientation=&#8221;center&#8221; height=&#8221;430px&#8221; custom_margin=&#8221;||||false|false&#8221; custom_padding=&#8221;||19px|||&#8221; global_colors_info=&#8221;{}&#8221;]<\/p>\n<p class=\"p1\">Vje\u010dni drugi je blizina.<br \/>Smrt je samo sjedinjenje od ju\u010der.<br \/>Zemlja je zajedni\u010dko uto\u010di\u0161te<br \/>a krajnji cilj svih nas je mir.<br \/>(Mila Tkacic)<\/p>\n<p>[\/et_pb_testimonial][et_pb_testimonial quote_icon=&#8221;off&#8221; _builder_version=&#8221;4.20.2&#8243; _module_preset=&#8221;default&#8221; body_text_color=&#8221;#474747&#8243; body_font_size=&#8221;15px&#8221; background_color=&#8221;#ebe6e7&#8243; background_enable_image=&#8221;off&#8221; text_orientation=&#8221;center&#8221; background_layout=&#8221;dark&#8221; height=&#8221;250px&#8221; custom_margin=&#8221;||||false|false&#8221; custom_padding=&#8221;||19px|||&#8221; global_colors_info=&#8221;{}&#8221;]<\/p>\n<p class=\"p1\">Zna\u0161 da je sve kako je bilo.<br \/>Ti si u svakoj stvari koja je u ku\u0107i,<br \/>u na\u0161im mislima, u na\u0161im rije\u010dima,<br \/>da, \u010dak iu snovima<br \/>samo da se tvoji koraci<br \/>vi\u0161e ne \u010duju&#8230;<br \/>(J.Medve\u0161ek)<\/p>\n<p>[\/et_pb_testimonial][et_pb_testimonial quote_icon=&#8221;off&#8221; _builder_version=&#8221;4.20.2&#8243; _module_preset=&#8221;default&#8221; body_text_color=&#8221;#FFFFFF&#8221; body_font_size=&#8221;25px&#8221; background_image=&#8221;https:\/\/telegram.vestina.eu\/wp-content\/uploads\/2022\/07\/dark-green-bg.jpg&#8221; text_orientation=&#8221;center&#8221; height=&#8221;430px&#8221; custom_margin=&#8221;||||false|false&#8221; custom_padding=&#8221;||19px|||&#8221; global_colors_info=&#8221;{}&#8221;]<\/p>\n<p class=\"p1\">Nije leptir<br \/>nije rije\u010d<br \/>ni zraka sunca <br \/>ni\u0161ta te ne\u0107e boljeti.<br \/>Spavaj.<br \/>(S.Lorca)<\/p>\n<p>[\/et_pb_testimonial][et_pb_testimonial quote_icon=&#8221;off&#8221; _builder_version=&#8221;4.20.2&#8243; _module_preset=&#8221;default&#8221; body_text_color=&#8221;#474747&#8243; body_font_size=&#8221;15px&#8221; background_color=&#8221;#ebe6e7&#8243; background_enable_image=&#8221;off&#8221; text_orientation=&#8221;center&#8221; background_layout=&#8221;dark&#8221; height=&#8221;250px&#8221; custom_margin=&#8221;||||false|false&#8221; custom_padding=&#8221;||19px|||&#8221; global_colors_info=&#8221;{}&#8221;]<\/p>\n<p class=\"p1\">Po\u010divaj sada, napa\u0107eno srce, <br \/>sad odmori utrnule ruke.<br \/>Umorne o\u010di su zatvorene,<br \/>Samo si\u0107u\u0161no svjetlo jo\u0161 svijetli.<br \/>(S. Makarovi\u010d)<\/p>\n<p>[\/et_pb_testimonial][et_pb_image src=&#8221;https:\/\/telegram.vestina.eu\/wp-content\/uploads\/2021\/01\/18-01-1.png&#8221; title_text=&#8221;18-01&#8243; align_tablet=&#8221;center&#8221; align_phone=&#8221;&#8221; align_last_edited=&#8221;on|desktop&#8221; _builder_version=&#8221;4.16&#8243; locked=&#8221;off&#8221; global_colors_info=&#8221;{}&#8221;][\/et_pb_image][\/et_pb_column][et_pb_column type=&#8221;1_3&#8243; _builder_version=&#8221;4.16&#8243; _module_preset=&#8221;default&#8221; global_colors_info=&#8221;{}&#8221;][et_pb_image src=&#8221;https:\/\/telegram.vestina.eu\/wp-content\/uploads\/2021\/01\/17-01-1.png&#8221; title_text=&#8221;17-01&#8243; align_tablet=&#8221;center&#8221; align_phone=&#8221;&#8221; align_last_edited=&#8221;on|desktop&#8221; _builder_version=&#8221;4.16&#8243; global_colors_info=&#8221;{}&#8221;][\/et_pb_image][et_pb_testimonial quote_icon=&#8221;off&#8221; _builder_version=&#8221;4.20.2&#8243; _module_preset=&#8221;default&#8221; body_text_color=&#8221;#FFFFFF&#8221; body_font_size=&#8221;21px&#8221; background_image=&#8221;https:\/\/telegram.vestina.eu\/wp-content\/uploads\/2022\/07\/dark-green-bg.jpg&#8221; text_orientation=&#8221;center&#8221; height=&#8221;430px&#8221; custom_margin=&#8221;||||false|false&#8221; custom_padding=&#8221;||19px|||&#8221; global_colors_info=&#8221;{}&#8221;]<\/p>\n<p class=\"p1\">Uvijek zavija iza tebe <br \/>misli na moje na\u010dine <br \/>za\u010darani duh te prati<br \/>uvijek i svugdje!<br \/>(S.Gregorci\u010d)<\/p>\n<p>[\/et_pb_testimonial][et_pb_testimonial quote_icon=&#8221;off&#8221; _builder_version=&#8221;4.20.2&#8243; _module_preset=&#8221;default&#8221; body_text_color=&#8221;#FFFFFF&#8221; body_font_size=&#8221;17px&#8221; body_line_height=&#8221;1.8em&#8221; background_image=&#8221;https:\/\/telegram.vestina.eu\/wp-content\/uploads\/2022\/07\/green-bg.jpg&#8221; text_orientation=&#8221;center&#8221; height=&#8221;430px&#8221; custom_margin=&#8221;||||false|false&#8221; custom_padding=&#8221;||19px|||&#8221; global_colors_info=&#8221;{}&#8221;]<\/p>\n<p class=\"p1\">Kad \u010dovjek umre,<br \/>njegovo se svjetlo gasi sa zorom, <br \/>ali sunce se ne gasi sa<br \/>njegovom smr\u0107u!<br \/>(Rabindranath Tagore)<\/p>\n<p>[\/et_pb_testimonial][et_pb_testimonial quote_icon=&#8221;off&#8221; _builder_version=&#8221;4.20.2&#8243; _module_preset=&#8221;default&#8221; body_text_color=&#8221;#FFFFFF&#8221; body_font_size=&#8221;18px&#8221; background_color=&#8221;#115c6d&#8221; background_enable_image=&#8221;off&#8221; text_orientation=&#8221;center&#8221; background_layout=&#8221;dark&#8221; height=&#8221;250px&#8221; custom_margin=&#8221;||||false|false&#8221; custom_padding=&#8221;||19px|||&#8221; global_colors_info=&#8221;{}&#8221;]<\/p>\n<p class=\"p1\">Idem u mjesto svih mjesta, <br \/>idem u maj svih majova&#8230;<br \/>(T.Kunter)<\/p>\n<p>[\/et_pb_testimonial][et_pb_testimonial quote_icon=&#8221;off&#8221; _builder_version=&#8221;4.20.2&#8243; _module_preset=&#8221;default&#8221; body_text_color=&#8221;#FFFFFF&#8221; body_font_size=&#8221;15px&#8221; background_color=&#8221;#44aaa3&#8243; background_enable_image=&#8221;off&#8221; text_orientation=&#8221;center&#8221; background_layout=&#8221;dark&#8221; height=&#8221;250px&#8221; custom_margin=&#8221;||||false|false&#8221; custom_padding=&#8221;||19px|||&#8221; global_colors_info=&#8221;{}&#8221;]<\/p>\n<p class=\"p1\">Ljubav pobje\u0111uje smrt <br \/>hodamo \u010disti s njim <br \/>u vi\u0161e stanje nepoznatog <br \/>\u017eivota vje\u010dnog.<\/p>\n<p>[\/et_pb_testimonial][et_pb_testimonial quote_icon=&#8221;off&#8221; _builder_version=&#8221;4.20.2&#8243; _module_preset=&#8221;default&#8221; body_text_color=&#8221;#474747&#8243; body_font_size=&#8221;16px&#8221; body_line_height=&#8221;1.8em&#8221; background_image=&#8221;https:\/\/telegram.vestina.eu\/wp-content\/uploads\/2022\/07\/gray-bg.jpg&#8221; text_orientation=&#8221;center&#8221; height=&#8221;430px&#8221; custom_margin=&#8221;||||false|false&#8221; custom_padding=&#8221;||19px|||&#8221; global_colors_info=&#8221;{}&#8221;]<\/p>\n<p class=\"p1\">Svaki ljudski \u017eivot je dar, <br \/>\u010dak i ako je kratka i krhka.<br \/>Svaki \u017eivot je dar<br \/>koji \u0107e zauvijek \u017eivjeti u na\u0161im srcima.<br \/>(Elmar Simma)<\/p>\n<p>[\/et_pb_testimonial][\/et_pb_column][\/et_pb_row][\/et_pb_section]<\/p>\n","protected":false},"excerpt":{"rendered":"<p>Samilosne rije\u010di i stihovi su\u0107utiDobar, plemenit \u010dovjek,koji je s nama \u017eivio ne mo\u017ee nam se oduzeti, jer je ostavio svijetli trag svoje dobrote i plemenitosti u na\u0161im srcima. (Thomas Carlyle)Kao valovi na pijesku pla\u017ee tako na\u0161i trenuci hrle u ni\u0161u;val valu za seboj napravi pot i svi slijede jedan za drugim. (W.Shakespeare)I jo\u0161 uvijek \u017eivim [&hellip;]<\/p>\n","protected":false},"author":1,"featured_media":0,"parent":0,"menu_order":0,"comment_status":"closed","ping_status":"closed","template":"","meta":{"_et_pb_use_builder":"on","_et_pb_old_content":"","_et_gb_content_width":"","footnotes":""},"class_list":["post-4338","page","type-page","status-publish","hentry"],"_links":{"self":[{"href":"https:\/\/telegram.vestina.eu\/hr\/wp-json\/wp\/v2\/pages\/4338","targetHints":{"allow":["GET"]}}],"collection":[{"href":"https:\/\/telegram.vestina.eu\/hr\/wp-json\/wp\/v2\/pages"}],"about":[{"href":"https:\/\/telegram.vestina.eu\/hr\/wp-json\/wp\/v2\/types\/page"}],"author":[{"embeddable":true,"href":"https:\/\/telegram.vestina.eu\/hr\/wp-json\/wp\/v2\/users\/1"}],"replies":[{"embeddable":true,"href":"https:\/\/telegram.vestina.eu\/hr\/wp-json\/wp\/v2\/comments?post=4338"}],"version-history":[{"count":2,"href":"https:\/\/telegram.vestina.eu\/hr\/wp-json\/wp\/v2\/pages\/4338\/revisions"}],"predecessor-version":[{"id":4340,"href":"https:\/\/telegram.vestina.eu\/hr\/wp-json\/wp\/v2\/pages\/4338\/revisions\/4340"}],"wp:attachment":[{"href":"https:\/\/telegram.vestina.eu\/hr\/wp-json\/wp\/v2\/media?parent=4338"}],"curies":[{"name":"wp","href":"https:\/\/api.w.org\/{rel}","templated":true}]}}